{"id":475,"date":"2023-03-06T18:03:02","date_gmt":"2023-03-06T18:03:02","guid":{"rendered":"https:\/\/nataliabrfotografiainfantil.com\/?page_id=475"},"modified":"2024-09-27T11:50:29","modified_gmt":"2024-09-27T11:50:29","slug":"fotografia-de-smash-cake-en-malaga","status":"publish","type":"page","link":"https:\/\/nataliabrfotografiainfantil.com\/index.php\/galeria\/fotografia-de-smash-cake-en-malaga\/","title":{"rendered":"Fotograf\u00eda de Smash cake y cumplea\u00f1os en M\u00e1laga"},"content":{"rendered":"\n<div class=\"wp-block-columns is-layout-flex wp-container-core-columns-is-layout-1 wp-block-columns-is-layout-flex\">\n<div class=\"wp-block-column is-layout-flow wp-block-column-is-layout-flow\" style=\"flex-basis:25%\"><\/div>\n\n\n\n<div class=\"wp-block-column is-layout-flow wp-block-column-is-layout-flow\" style=\"flex-basis:50%\">\n<p class=\"has-secondary-color has-text-color has-normal-font-size\" style=\"margin-top:var(--wp--preset--spacing--30);margin-right:var(--wp--preset--spacing--30);margin-bottom:var(--wp--preset--spacing--30);margin-left:var(--wp--preset--spacing--30);padding-top:var(--wp--preset--spacing--30);padding-right:var(--wp--preset--spacing--30);padding-bottom:var(--wp--preset--spacing--30);padding-left:var(--wp--preset--spacing--30)\">Fotos de momentos divertid\u00edsimos para su cumplea\u00f1os, primer a\u00f1ito, segundo a\u00f1ito o el cumple que quieras celebrar. No solo se la pasar\u00e1 genial en la sesi\u00f3n de fotos de cumplea\u00f1os, sino que tendr\u00e1 un excelente recuerdo para toda la vida. No lo piense m\u00e1s y reg\u00e1lale este precioso momento de la mano de Natalia BR Fotograf\u00eda en M\u00e1laga y alrededores.<\/p>\n\n\n\n<p><\/p>\n<\/div>\n\n\n\n<div class=\"wp-block-column is-layout-flow wp-block-column-is-layout-flow\" style=\"flex-basis:25%\"><\/div>\n<\/div>\n\n\n<div  id=\"jtg-635\" class=\"modula modula-gallery modula-columns\" data-config=\"{&quot;tabletHeight&quot;:800,&quot;mobileHeight&quot;:800,&quot;desktopHeight&quot;:800,&quot;enableTwitter&quot;:false,&quot;enableWhatsapp&quot;:false,&quot;enableFacebook&quot;:false,&quot;enablePinterest&quot;:false,&quot;enableLinkedin&quot;:false,&quot;enableEmail&quot;:false,&quot;randomFactor&quot;:0,&quot;type&quot;:&quot;grid&quot;,&quot;columns&quot;:12,&quot;gutter&quot;:10,&quot;mobileGutter&quot;:10,&quot;tabletGutter&quot;:10,&quot;desktopGutter&quot;:10,&quot;enableResponsive&quot;:&quot;0&quot;,&quot;tabletColumns&quot;:2,&quot;mobileColumns&quot;:1,&quot;lazyLoad&quot;:0,&quot;lightboxOpts&quot;:{&quot;animated&quot;:true,&quot;Thumbs&quot;:{&quot;type&quot;:&quot;modern&quot;,&quot;showOnStart&quot;:false},&quot;Toolbar&quot;:{&quot;display&quot;:{&quot;right&quot;:[&quot;close&quot;]},&quot;enabled&quot;:true},&quot;Carousel&quot;:{&quot;Panzoom&quot;:{&quot;touch&quot;:true},&quot;infinite&quot;:false},&quot;keyboard&quot;:{&quot;Escape&quot;:&quot;close&quot;,&quot;Delete&quot;:&quot;close&quot;,&quot;Backspace&quot;:&quot;close&quot;,&quot;PageUp&quot;:false,&quot;PageDown&quot;:false,&quot;ArrowUp&quot;:false,&quot;ArrowDown&quot;:false,&quot;ArrowRight&quot;:false,&quot;ArrowLeft&quot;:false},&quot;touch&quot;:false,&quot;backdropClick&quot;:false,&quot;l10n&quot;:{&quot;CLOSE&quot;:&quot;Close&quot;,&quot;NEXT&quot;:&quot;Next&quot;,&quot;PREV&quot;:&quot;Previous&quot;,&quot;Error&quot;:&quot;The requested content cannot be loaded. Please try again later.&quot;,&quot;PLAY_START&quot;:&quot;Start slideshow&quot;,&quot;PLAY_STOP&quot;:&quot;Pause slideshow&quot;,&quot;FULL_SCREEN&quot;:&quot;Full screen&quot;,&quot;THUMBS&quot;:&quot;Thumbnails&quot;,&quot;DOWNLOAD&quot;:&quot;Download&quot;,&quot;SHARE&quot;:&quot;Share&quot;,&quot;ZOOM&quot;:&quot;Zoom&quot;,&quot;EMAIL&quot;:&quot;Here is the link to the image : %%image_link%% and this is the link to the gallery : %%gallery_link%%&quot;,&quot;MODAL&quot;:&quot;You can close this modal content with the ESC key&quot;,&quot;ERROR&quot;:&quot;Something Went Wrong, Please Try Again Later&quot;,&quot;IMAGE_ERROR&quot;:&quot;Image Not Found&quot;,&quot;ELEMENT_NOT_FOUND&quot;:&quot;HTML Element Not Found&quot;,&quot;AJAX_NOT_FOUND&quot;:&quot;Error Loading AJAX : Not Found&quot;,&quot;AJAX_FORBIDDEN&quot;:&quot;Error Loading AJAX : Forbidden&quot;,&quot;IFRAME_ERROR&quot;:&quot;Error Loading Page&quot;,&quot;TOGGLE_ZOOM&quot;:&quot;Toggle zoom level&quot;,&quot;TOGGLE_THUMBS&quot;:&quot;Toggle thumbnails&quot;,&quot;TOGGLE_SLIDESHOW&quot;:&quot;Toggle slideshow&quot;,&quot;TOGGLE_FULLSCREEN&quot;:&quot;Toggle full-screen mode&quot;},&quot;Images&quot;:{&quot;Panzoom&quot;:{&quot;maxScale&quot;:2}},&quot;mainClass&quot;:&quot;modula-fancybox-container modula-lightbox-jtg-635&quot;,&quot;Html&quot;:{&quot;videoAutoplay&quot;:0,&quot;videoTpl&quot;:&quot;&lt;video class=\\&quot;fancybox__html5video\\&quot; controls muted playsinline controlsList controlsList=\\&quot;nodownload\\&quot; poster=\\&quot;{{poster}}\\&quot; src=\\&quot;{{src}}\\&quot; type=\\&quot;{{format}}\\&quot; &gt;  Sorry, your browser doesn&#039;t support embedded videos, &lt;a href=\\&quot;{{src}}\\&quot;&gt; download &lt;\\\/a&gt; and watch with your favorite video player! &lt;\\\/video&gt;&quot;}},&quot;inView&quot;:false,&quot;email_subject&quot;:&quot;Check out this awesome image !!&quot;,&quot;email_message&quot;:&quot;Here is the link to the image : %%image_link%% and this is the link to the gallery : %%gallery_link%%&quot;,&quot;grid_type&quot;:&quot;automatic&quot;,&quot;rowHeight&quot;:250,&quot;lastRow&quot;:&quot;justify&quot;,&quot;lightbox&quot;:&quot;fancybox&quot;}\">\n\n\t\n\t<div  class=\"modula-items grid-gallery\">\n\t\t<div class=\"modula-item\" >\n\t<div class=\"modula-item-content\">\n\t\t\n\t\t\t\t\t<a data-image-id=\"309\" role=\"button\" tabindex=\"0\" rel=\"jtg-635\" data-caption=\"Fotograf\u00eda de 1 a\u00f1o Smash cake\" aria-label=\"Open image in lightbox\" class=\"tile-inner modula-item-link\"><\/a>\n\t\t\n\t\t<img loading=\"lazy\" decoding=\"async\" class=\"pic wp-image-309\"  data-valign=\"middle\" data-halign=\"center\" alt=\"Fotograf\u00eda de 1 a\u00f1o Smash cake\" data-full=\"https:\/\/nataliabrfotografiainfantil.com\/wp-content\/uploads\/2023\/02\/220822_Adara-037.jpg\" title=\"Fotograf\u00eda de 1 a\u00f1o Smash cake\" crop=\"\" width=\"2289\" height=\"1831\" src=\"https:\/\/nataliabrfotografiainfantil.com\/wp-content\/uploads\/2023\/02\/220822_Adara-037.jpg\" data-src=\"https:\/\/nataliabrfotografiainfantil.com\/wp-content\/uploads\/2023\/02\/220822_Adara-037.jpg\" data-caption=\"Fotograf\u00eda de 1 a\u00f1o Smash cake\" srcset=\"https:\/\/nataliabrfotografiainfantil.com\/wp-content\/uploads\/2023\/02\/220822_Adara-037.jpg 2289w, https:\/\/nataliabrfotografiainfantil.com\/wp-content\/uploads\/2023\/02\/220822_Adara-037-300x240.jpg 300w, https:\/\/nataliabrfotografiainfantil.com\/wp-content\/uploads\/2023\/02\/220822_Adara-037-1024x819.jpg 1024w, https:\/\/nataliabrfotografiainfantil.com\/wp-content\/uploads\/2023\/02\/220822_Adara-037-768x614.jpg 768w, https:\/\/nataliabrfotografiainfantil.com\/wp-content\/uploads\/2023\/02\/220822_Adara-037-1536x1229.jpg 1536w, https:\/\/nataliabrfotografiainfantil.com\/wp-content\/uploads\/2023\/02\/220822_Adara-037-2048x1638.jpg 2048w\" sizes=\"(max-width: 2289px) 100vw, 2289px\" \/>\n\t<\/div>\n\n<\/div><div class=\"modula-item\" >\n\t<div class=\"modula-item-content\">\n\t\t\n\t\t\t\t\t<a data-image-id=\"308\" role=\"button\" tabindex=\"0\" rel=\"jtg-635\" data-caption=\"Fotograf\u00eda de 1 a\u00f1o Smash cake2\" aria-label=\"Open image in lightbox\" class=\"tile-inner modula-item-link\"><\/a>\n\t\t\n\t\t<img loading=\"lazy\" decoding=\"async\" class=\"pic wp-image-308\"  data-valign=\"middle\" data-halign=\"center\" alt=\"Fotograf\u00eda de 1 a\u00f1o Smash cake 2\" data-full=\"https:\/\/nataliabrfotografiainfantil.com\/wp-content\/uploads\/2023\/02\/220822_Adara-056.jpg\" title=\"Fotograf\u00eda de 1 a\u00f1o Smash cake2\" crop=\"\" width=\"2289\" height=\"1831\" src=\"https:\/\/nataliabrfotografiainfantil.com\/wp-content\/uploads\/2023\/02\/220822_Adara-056.jpg\" data-src=\"https:\/\/nataliabrfotografiainfantil.com\/wp-content\/uploads\/2023\/02\/220822_Adara-056.jpg\" data-caption=\"Fotograf\u00eda de 1 a\u00f1o Smash cake2\" srcset=\"https:\/\/nataliabrfotografiainfantil.com\/wp-content\/uploads\/2023\/02\/220822_Adara-056.jpg 2289w, https:\/\/nataliabrfotografiainfantil.com\/wp-content\/uploads\/2023\/02\/220822_Adara-056-300x240.jpg 300w, https:\/\/nataliabrfotografiainfantil.com\/wp-content\/uploads\/2023\/02\/220822_Adara-056-1024x819.jpg 1024w, https:\/\/nataliabrfotografiainfantil.com\/wp-content\/uploads\/2023\/02\/220822_Adara-056-768x614.jpg 768w, https:\/\/nataliabrfotografiainfantil.com\/wp-content\/uploads\/2023\/02\/220822_Adara-056-1536x1229.jpg 1536w, https:\/\/nataliabrfotografiainfantil.com\/wp-content\/uploads\/2023\/02\/220822_Adara-056-2048x1638.jpg 2048w\" sizes=\"(max-width: 2289px) 100vw, 2289px\" \/>\n\t<\/div>\n\n<\/div><div class=\"modula-item\" >\n\t<div class=\"modula-item-content\">\n\t\t\n\t\t\t\t\t<a data-image-id=\"307\" role=\"button\" tabindex=\"0\" rel=\"jtg-635\" data-caption=\"Fotograf\u00eda de 1 a\u00f1o Smash cake 3\" aria-label=\"Open image in lightbox\" class=\"tile-inner modula-item-link\"><\/a>\n\t\t\n\t\t<img loading=\"lazy\" decoding=\"async\" class=\"pic wp-image-307\"  data-valign=\"middle\" data-halign=\"center\" alt=\"Fotograf\u00eda de 1 a\u00f1o Smash cake 3\" data-full=\"https:\/\/nataliabrfotografiainfantil.com\/wp-content\/uploads\/2023\/02\/130522_Carmen-038.jpg\" title=\"Fotograf\u00eda de 1 a\u00f1o Smash cake 3\" crop=\"\" width=\"2364\" height=\"1773\" src=\"https:\/\/nataliabrfotografiainfantil.com\/wp-content\/uploads\/2023\/02\/130522_Carmen-038.jpg\" data-src=\"https:\/\/nataliabrfotografiainfantil.com\/wp-content\/uploads\/2023\/02\/130522_Carmen-038.jpg\" data-caption=\"Fotograf\u00eda de 1 a\u00f1o Smash cake 3\" srcset=\"https:\/\/nataliabrfotografiainfantil.com\/wp-content\/uploads\/2023\/02\/130522_Carmen-038.jpg 2364w, https:\/\/nataliabrfotografiainfantil.com\/wp-content\/uploads\/2023\/02\/130522_Carmen-038-300x225.jpg 300w, https:\/\/nataliabrfotografiainfantil.com\/wp-content\/uploads\/2023\/02\/130522_Carmen-038-1024x768.jpg 1024w, https:\/\/nataliabrfotografiainfantil.com\/wp-content\/uploads\/2023\/02\/130522_Carmen-038-768x576.jpg 768w, https:\/\/nataliabrfotografiainfantil.com\/wp-content\/uploads\/2023\/02\/130522_Carmen-038-1536x1152.jpg 1536w, https:\/\/nataliabrfotografiainfantil.com\/wp-content\/uploads\/2023\/02\/130522_Carmen-038-2048x1536.jpg 2048w\" sizes=\"(max-width: 2364px) 100vw, 2364px\" \/>\n\t<\/div>\n\n<\/div><div class=\"modula-item\" >\n\t<div class=\"modula-item-content\">\n\t\t\n\t\t\t\t\t<a data-image-id=\"306\" role=\"button\" tabindex=\"0\" rel=\"jtg-635\" data-caption=\"Fotograf\u00eda de 1 a\u00f1o Smash cake 4\" aria-label=\"Open image in lightbox\" class=\"tile-inner modula-item-link\"><\/a>\n\t\t\n\t\t<img loading=\"lazy\" decoding=\"async\" class=\"pic wp-image-306\"  data-valign=\"middle\" data-halign=\"center\" alt=\"Fotograf\u00eda de 1 a\u00f1o Smash cake 4\" data-full=\"https:\/\/nataliabrfotografiainfantil.com\/wp-content\/uploads\/2023\/02\/130522_Carmen-048.jpg\" title=\"Fotograf\u00eda de 1 a\u00f1o Smash cake 4\" crop=\"\" width=\"2364\" height=\"1773\" src=\"https:\/\/nataliabrfotografiainfantil.com\/wp-content\/uploads\/2023\/02\/130522_Carmen-048.jpg\" data-src=\"https:\/\/nataliabrfotografiainfantil.com\/wp-content\/uploads\/2023\/02\/130522_Carmen-048.jpg\" data-caption=\"Fotograf\u00eda de 1 a\u00f1o Smash cake 4\" srcset=\"https:\/\/nataliabrfotografiainfantil.com\/wp-content\/uploads\/2023\/02\/130522_Carmen-048.jpg 2364w, https:\/\/nataliabrfotografiainfantil.com\/wp-content\/uploads\/2023\/02\/130522_Carmen-048-300x225.jpg 300w, https:\/\/nataliabrfotografiainfantil.com\/wp-content\/uploads\/2023\/02\/130522_Carmen-048-1024x768.jpg 1024w, https:\/\/nataliabrfotografiainfantil.com\/wp-content\/uploads\/2023\/02\/130522_Carmen-048-768x576.jpg 768w, https:\/\/nataliabrfotografiainfantil.com\/wp-content\/uploads\/2023\/02\/130522_Carmen-048-1536x1152.jpg 1536w, https:\/\/nataliabrfotografiainfantil.com\/wp-content\/uploads\/2023\/02\/130522_Carmen-048-2048x1536.jpg 2048w\" sizes=\"(max-width: 2364px) 100vw, 2364px\" \/>\n\t<\/div>\n\n<\/div><div class=\"modula-item\" >\n\t<div class=\"modula-item-content\">\n\t\t\n\t\t\t\t\t<a data-image-id=\"305\" role=\"button\" tabindex=\"0\" rel=\"jtg-635\" data-caption=\"Fotograf\u00eda de 1 a\u00f1o Smash cake  5\" aria-label=\"Open image in lightbox\" class=\"tile-inner modula-item-link\"><\/a>\n\t\t\n\t\t<img loading=\"lazy\" decoding=\"async\" class=\"pic wp-image-305\"  data-valign=\"middle\" data-halign=\"center\" alt=\"Fotograf\u00eda de 1 a\u00f1o Smash cake 5\" data-full=\"https:\/\/nataliabrfotografiainfantil.com\/wp-content\/uploads\/2023\/02\/130522_Carmen-046.jpg\" title=\"Fotograf\u00eda de 1 a\u00f1o Smash cake  5\" crop=\"\" width=\"2364\" height=\"1773\" src=\"https:\/\/nataliabrfotografiainfantil.com\/wp-content\/uploads\/2023\/02\/130522_Carmen-046.jpg\" data-src=\"https:\/\/nataliabrfotografiainfantil.com\/wp-content\/uploads\/2023\/02\/130522_Carmen-046.jpg\" data-caption=\"Fotograf\u00eda de 1 a\u00f1o Smash cake  5\" srcset=\"https:\/\/nataliabrfotografiainfantil.com\/wp-content\/uploads\/2023\/02\/130522_Carmen-046.jpg 2364w, https:\/\/nataliabrfotografiainfantil.com\/wp-content\/uploads\/2023\/02\/130522_Carmen-046-300x225.jpg 300w, https:\/\/nataliabrfotografiainfantil.com\/wp-content\/uploads\/2023\/02\/130522_Carmen-046-1024x768.jpg 1024w, https:\/\/nataliabrfotografiainfantil.com\/wp-content\/uploads\/2023\/02\/130522_Carmen-046-768x576.jpg 768w, https:\/\/nataliabrfotografiainfantil.com\/wp-content\/uploads\/2023\/02\/130522_Carmen-046-1536x1152.jpg 1536w, https:\/\/nataliabrfotografiainfantil.com\/wp-content\/uploads\/2023\/02\/130522_Carmen-046-2048x1536.jpg 2048w\" sizes=\"(max-width: 2364px) 100vw, 2364px\" \/>\n\t<\/div>\n\n<\/div><div class=\"modula-item\" >\n\t<div class=\"modula-item-content\">\n\t\t\n\t\t\t\t\t<a data-image-id=\"304\" role=\"button\" tabindex=\"0\" rel=\"jtg-635\" data-caption=\"Fotograf\u00eda de 1 a\u00f1o Smash cake  6\" aria-label=\"Open image in lightbox\" class=\"tile-inner modula-item-link\"><\/a>\n\t\t\n\t\t<img loading=\"lazy\" decoding=\"async\" class=\"pic wp-image-304\"  data-valign=\"middle\" data-halign=\"center\" alt=\"Fotograf\u00eda de 1 a\u00f1o Smash cake 6\" data-full=\"https:\/\/nataliabrfotografiainfantil.com\/wp-content\/uploads\/2023\/02\/220822_Adara-060.jpg\" title=\"Fotograf\u00eda de 1 a\u00f1o Smash cake  6\" crop=\"\" width=\"1270\" height=\"1588\" src=\"https:\/\/nataliabrfotografiainfantil.com\/wp-content\/uploads\/2023\/02\/220822_Adara-060.jpg\" data-src=\"https:\/\/nataliabrfotografiainfantil.com\/wp-content\/uploads\/2023\/02\/220822_Adara-060.jpg\" data-caption=\"Fotograf\u00eda de 1 a\u00f1o Smash cake  6\" srcset=\"https:\/\/nataliabrfotografiainfantil.com\/wp-content\/uploads\/2023\/02\/220822_Adara-060.jpg 1270w, https:\/\/nataliabrfotografiainfantil.com\/wp-content\/uploads\/2023\/02\/220822_Adara-060-240x300.jpg 240w, https:\/\/nataliabrfotografiainfantil.com\/wp-content\/uploads\/2023\/02\/220822_Adara-060-819x1024.jpg 819w, https:\/\/nataliabrfotografiainfantil.com\/wp-content\/uploads\/2023\/02\/220822_Adara-060-768x960.jpg 768w, https:\/\/nataliabrfotografiainfantil.com\/wp-content\/uploads\/2023\/02\/220822_Adara-060-1228x1536.jpg 1228w\" sizes=\"(max-width: 1270px) 100vw, 1270px\" \/>\n\t<\/div>\n\n<\/div><div class=\"modula-item\" >\n\t<div class=\"modula-item-content\">\n\t\t\n\t\t\t\t\t<a data-image-id=\"993\" role=\"button\" tabindex=\"0\" rel=\"jtg-635\" data-caption=\"\" aria-label=\"Open image in lightbox\" class=\"tile-inner modula-item-link\"><\/a>\n\t\t\n\t\t<img loading=\"lazy\" decoding=\"async\" class=\"pic wp-image-993\"  data-valign=\"middle\" data-halign=\"center\" alt=\"\" data-full=\"https:\/\/nataliabrfotografiainfantil.com\/wp-content\/uploads\/2024\/09\/Fotografia-de-smash-cake-nina-en-Malaga.jpg\" title=\"Fotograf\u00eda de smash cake ni\u00f1a en M\u00e1laga\" crop=\"\" width=\"2000\" height=\"1500\" src=\"https:\/\/nataliabrfotografiainfantil.com\/wp-content\/uploads\/2024\/09\/Fotografia-de-smash-cake-nina-en-Malaga.jpg\" data-src=\"https:\/\/nataliabrfotografiainfantil.com\/wp-content\/uploads\/2024\/09\/Fotografia-de-smash-cake-nina-en-Malaga.jpg\" data-caption=\"\" srcset=\"https:\/\/nataliabrfotografiainfantil.com\/wp-content\/uploads\/2024\/09\/Fotografia-de-smash-cake-nina-en-Malaga.jpg 2000w, https:\/\/nataliabrfotografiainfantil.com\/wp-content\/uploads\/2024\/09\/Fotografia-de-smash-cake-nina-en-Malaga-300x225.jpg 300w, https:\/\/nataliabrfotografiainfantil.com\/wp-content\/uploads\/2024\/09\/Fotografia-de-smash-cake-nina-en-Malaga-1024x768.jpg 1024w, https:\/\/nataliabrfotografiainfantil.com\/wp-content\/uploads\/2024\/09\/Fotografia-de-smash-cake-nina-en-Malaga-768x576.jpg 768w, https:\/\/nataliabrfotografiainfantil.com\/wp-content\/uploads\/2024\/09\/Fotografia-de-smash-cake-nina-en-Malaga-1536x1152.jpg 1536w\" sizes=\"(max-width: 2000px) 100vw, 2000px\" \/>\n\t<\/div>\n\n<\/div><div class=\"modula-item\" >\n\t<div class=\"modula-item-content\">\n\t\t\n\t\t\t\t\t<a data-image-id=\"994\" role=\"button\" tabindex=\"0\" rel=\"jtg-635\" data-caption=\"\" aria-label=\"Open image in lightbox\" class=\"tile-inner modula-item-link\"><\/a>\n\t\t\n\t\t<img loading=\"lazy\" decoding=\"async\" class=\"pic wp-image-994\"  data-valign=\"middle\" data-halign=\"center\" alt=\"\" data-full=\"https:\/\/nataliabrfotografiainfantil.com\/wp-content\/uploads\/2024\/09\/Fotografia-smash-cake-1-ano-con-alas-de-angel.jpg\" title=\"Fotograf\u00eda smash cake 1 a\u00f1o con alas de \u00e1ngel\" crop=\"\" width=\"2000\" height=\"1500\" src=\"https:\/\/nataliabrfotografiainfantil.com\/wp-content\/uploads\/2024\/09\/Fotografia-smash-cake-1-ano-con-alas-de-angel.jpg\" data-src=\"https:\/\/nataliabrfotografiainfantil.com\/wp-content\/uploads\/2024\/09\/Fotografia-smash-cake-1-ano-con-alas-de-angel.jpg\" data-caption=\"\" srcset=\"https:\/\/nataliabrfotografiainfantil.com\/wp-content\/uploads\/2024\/09\/Fotografia-smash-cake-1-ano-con-alas-de-angel.jpg 2000w, https:\/\/nataliabrfotografiainfantil.com\/wp-content\/uploads\/2024\/09\/Fotografia-smash-cake-1-ano-con-alas-de-angel-300x225.jpg 300w, https:\/\/nataliabrfotografiainfantil.com\/wp-content\/uploads\/2024\/09\/Fotografia-smash-cake-1-ano-con-alas-de-angel-1024x768.jpg 1024w, https:\/\/nataliabrfotografiainfantil.com\/wp-content\/uploads\/2024\/09\/Fotografia-smash-cake-1-ano-con-alas-de-angel-768x576.jpg 768w, https:\/\/nataliabrfotografiainfantil.com\/wp-content\/uploads\/2024\/09\/Fotografia-smash-cake-1-ano-con-alas-de-angel-1536x1152.jpg 1536w\" sizes=\"(max-width: 2000px) 100vw, 2000px\" \/>\n\t<\/div>\n\n<\/div><div class=\"modula-item\" >\n\t<div class=\"modula-item-content\">\n\t\t\n\t\t\t\t\t<a data-image-id=\"995\" role=\"button\" tabindex=\"0\" rel=\"jtg-635\" data-caption=\"\" aria-label=\"Open image in lightbox\" class=\"tile-inner modula-item-link\"><\/a>\n\t\t\n\t\t<img loading=\"lazy\" decoding=\"async\" class=\"pic wp-image-995\"  data-valign=\"middle\" data-halign=\"center\" alt=\"\" data-full=\"https:\/\/nataliabrfotografiainfantil.com\/wp-content\/uploads\/2024\/09\/Foto-cumple-un-ano.jpg\" title=\"Foto cumple un a\u00f1o\" crop=\"\" width=\"2000\" height=\"1500\" src=\"https:\/\/nataliabrfotografiainfantil.com\/wp-content\/uploads\/2024\/09\/Foto-cumple-un-ano.jpg\" data-src=\"https:\/\/nataliabrfotografiainfantil.com\/wp-content\/uploads\/2024\/09\/Foto-cumple-un-ano.jpg\" data-caption=\"\" srcset=\"https:\/\/nataliabrfotografiainfantil.com\/wp-content\/uploads\/2024\/09\/Foto-cumple-un-ano.jpg 2000w, https:\/\/nataliabrfotografiainfantil.com\/wp-content\/uploads\/2024\/09\/Foto-cumple-un-ano-300x225.jpg 300w, https:\/\/nataliabrfotografiainfantil.com\/wp-content\/uploads\/2024\/09\/Foto-cumple-un-ano-1024x768.jpg 1024w, https:\/\/nataliabrfotografiainfantil.com\/wp-content\/uploads\/2024\/09\/Foto-cumple-un-ano-768x576.jpg 768w, https:\/\/nataliabrfotografiainfantil.com\/wp-content\/uploads\/2024\/09\/Foto-cumple-un-ano-1536x1152.jpg 1536w\" sizes=\"(max-width: 2000px) 100vw, 2000px\" \/>\n\t<\/div>\n\n<\/div><div class=\"modula-item\" >\n\t<div class=\"modula-item-content\">\n\t\t\n\t\t\t\t\t<a data-image-id=\"996\" role=\"button\" tabindex=\"0\" rel=\"jtg-635\" data-caption=\"\" aria-label=\"Open image in lightbox\" class=\"tile-inner modula-item-link\"><\/a>\n\t\t\n\t\t<img loading=\"lazy\" decoding=\"async\" class=\"pic wp-image-996\"  data-valign=\"middle\" data-halign=\"center\" alt=\"\" data-full=\"https:\/\/nataliabrfotografiainfantil.com\/wp-content\/uploads\/2024\/09\/Foto-cumple-primer-cumple-con-tarta.jpg\" title=\"Foto cumple primer cumple con tarta\" crop=\"\" width=\"2000\" height=\"1500\" src=\"https:\/\/nataliabrfotografiainfantil.com\/wp-content\/uploads\/2024\/09\/Foto-cumple-primer-cumple-con-tarta.jpg\" data-src=\"https:\/\/nataliabrfotografiainfantil.com\/wp-content\/uploads\/2024\/09\/Foto-cumple-primer-cumple-con-tarta.jpg\" data-caption=\"\" srcset=\"https:\/\/nataliabrfotografiainfantil.com\/wp-content\/uploads\/2024\/09\/Foto-cumple-primer-cumple-con-tarta.jpg 2000w, https:\/\/nataliabrfotografiainfantil.com\/wp-content\/uploads\/2024\/09\/Foto-cumple-primer-cumple-con-tarta-300x225.jpg 300w, https:\/\/nataliabrfotografiainfantil.com\/wp-content\/uploads\/2024\/09\/Foto-cumple-primer-cumple-con-tarta-1024x768.jpg 1024w, https:\/\/nataliabrfotografiainfantil.com\/wp-content\/uploads\/2024\/09\/Foto-cumple-primer-cumple-con-tarta-768x576.jpg 768w, https:\/\/nataliabrfotografiainfantil.com\/wp-content\/uploads\/2024\/09\/Foto-cumple-primer-cumple-con-tarta-1536x1152.jpg 1536w\" sizes=\"(max-width: 2000px) 100vw, 2000px\" \/>\n\t<\/div>\n\n<\/div><div class=\"modula-item\" >\n\t<div class=\"modula-item-content\">\n\t\t\n\t\t\t\t\t<a data-image-id=\"997\" role=\"button\" tabindex=\"0\" rel=\"jtg-635\" data-caption=\"\" aria-label=\"Open image in lightbox\" class=\"tile-inner modula-item-link\"><\/a>\n\t\t\n\t\t<img loading=\"lazy\" decoding=\"async\" class=\"pic wp-image-997\"  data-valign=\"middle\" data-halign=\"center\" alt=\"\" data-full=\"https:\/\/nataliabrfotografiainfantil.com\/wp-content\/uploads\/2024\/09\/Foto-de-cumpleanos-2-segundo.jpg\" title=\"Foto de cumplea\u00f1os 2 segundo\" crop=\"\" width=\"2000\" height=\"1500\" src=\"https:\/\/nataliabrfotografiainfantil.com\/wp-content\/uploads\/2024\/09\/Foto-de-cumpleanos-2-segundo.jpg\" data-src=\"https:\/\/nataliabrfotografiainfantil.com\/wp-content\/uploads\/2024\/09\/Foto-de-cumpleanos-2-segundo.jpg\" data-caption=\"\" srcset=\"https:\/\/nataliabrfotografiainfantil.com\/wp-content\/uploads\/2024\/09\/Foto-de-cumpleanos-2-segundo.jpg 2000w, https:\/\/nataliabrfotografiainfantil.com\/wp-content\/uploads\/2024\/09\/Foto-de-cumpleanos-2-segundo-300x225.jpg 300w, https:\/\/nataliabrfotografiainfantil.com\/wp-content\/uploads\/2024\/09\/Foto-de-cumpleanos-2-segundo-1024x768.jpg 1024w, https:\/\/nataliabrfotografiainfantil.com\/wp-content\/uploads\/2024\/09\/Foto-de-cumpleanos-2-segundo-768x576.jpg 768w, https:\/\/nataliabrfotografiainfantil.com\/wp-content\/uploads\/2024\/09\/Foto-de-cumpleanos-2-segundo-1536x1152.jpg 1536w\" sizes=\"(max-width: 2000px) 100vw, 2000px\" \/>\n\t<\/div>\n\n<\/div><div class=\"modula-item\" >\n\t<div class=\"modula-item-content\">\n\t\t\n\t\t\t\t\t<a data-image-id=\"998\" role=\"button\" tabindex=\"0\" rel=\"jtg-635\" data-caption=\"\" aria-label=\"Open image in lightbox\" class=\"tile-inner modula-item-link\"><\/a>\n\t\t\n\t\t<img loading=\"lazy\" decoding=\"async\" class=\"pic wp-image-998\"  data-valign=\"middle\" data-halign=\"center\" alt=\"\" data-full=\"https:\/\/nataliabrfotografiainfantil.com\/wp-content\/uploads\/2024\/09\/Fotografia-de-segundo-cumple-con-globos.jpg\" title=\"Fotograf\u00eda de segundo cumple con globos\" crop=\"\" width=\"2000\" height=\"1500\" src=\"https:\/\/nataliabrfotografiainfantil.com\/wp-content\/uploads\/2024\/09\/Fotografia-de-segundo-cumple-con-globos.jpg\" data-src=\"https:\/\/nataliabrfotografiainfantil.com\/wp-content\/uploads\/2024\/09\/Fotografia-de-segundo-cumple-con-globos.jpg\" data-caption=\"\" srcset=\"https:\/\/nataliabrfotografiainfantil.com\/wp-content\/uploads\/2024\/09\/Fotografia-de-segundo-cumple-con-globos.jpg 2000w, https:\/\/nataliabrfotografiainfantil.com\/wp-content\/uploads\/2024\/09\/Fotografia-de-segundo-cumple-con-globos-300x225.jpg 300w, https:\/\/nataliabrfotografiainfantil.com\/wp-content\/uploads\/2024\/09\/Fotografia-de-segundo-cumple-con-globos-1024x768.jpg 1024w, https:\/\/nataliabrfotografiainfantil.com\/wp-content\/uploads\/2024\/09\/Fotografia-de-segundo-cumple-con-globos-768x576.jpg 768w, https:\/\/nataliabrfotografiainfantil.com\/wp-content\/uploads\/2024\/09\/Fotografia-de-segundo-cumple-con-globos-1536x1152.jpg 1536w\" sizes=\"(max-width: 2000px) 100vw, 2000px\" \/>\n\t<\/div>\n\n<\/div><div class=\"modula-item\" >\n\t<div class=\"modula-item-content\">\n\t\t\n\t\t\t\t\t<a data-image-id=\"999\" role=\"button\" tabindex=\"0\" rel=\"jtg-635\" data-caption=\"\" aria-label=\"Open image in lightbox\" class=\"tile-inner modula-item-link\"><\/a>\n\t\t\n\t\t<img loading=\"lazy\" decoding=\"async\" class=\"pic wp-image-999\"  data-valign=\"middle\" data-halign=\"center\" alt=\"\" data-full=\"https:\/\/nataliabrfotografiainfantil.com\/wp-content\/uploads\/2024\/09\/Fotografia-de-cumpleanos-infantil-en-Malaga.jpg\" title=\"Fotograf\u00eda de cumplea\u00f1os infantil en M\u00e1laga\" crop=\"\" width=\"2000\" height=\"1500\" src=\"https:\/\/nataliabrfotografiainfantil.com\/wp-content\/uploads\/2024\/09\/Fotografia-de-cumpleanos-infantil-en-Malaga.jpg\" data-src=\"https:\/\/nataliabrfotografiainfantil.com\/wp-content\/uploads\/2024\/09\/Fotografia-de-cumpleanos-infantil-en-Malaga.jpg\" data-caption=\"\" srcset=\"https:\/\/nataliabrfotografiainfantil.com\/wp-content\/uploads\/2024\/09\/Fotografia-de-cumpleanos-infantil-en-Malaga.jpg 2000w, https:\/\/nataliabrfotografiainfantil.com\/wp-content\/uploads\/2024\/09\/Fotografia-de-cumpleanos-infantil-en-Malaga-300x225.jpg 300w, https:\/\/nataliabrfotografiainfantil.com\/wp-content\/uploads\/2024\/09\/Fotografia-de-cumpleanos-infantil-en-Malaga-1024x768.jpg 1024w, https:\/\/nataliabrfotografiainfantil.com\/wp-content\/uploads\/2024\/09\/Fotografia-de-cumpleanos-infantil-en-Malaga-768x576.jpg 768w, https:\/\/nataliabrfotografiainfantil.com\/wp-content\/uploads\/2024\/09\/Fotografia-de-cumpleanos-infantil-en-Malaga-1536x1152.jpg 1536w\" sizes=\"(max-width: 2000px) 100vw, 2000px\" \/>\n\t<\/div>\n\n<\/div>\t\t\n\t<\/div>\n\n\t\n\t\n\t<script type=\"application\/ld+json\">\n\t{\n\t\t\"@context\": \"http:\/\/schema.org\",\n\t\t\"@type\"   : \"ImageGallery\",\n\t\t\"id\"      : \"https:\/\/nataliabrfotografiainfantil.com\/index.php\/galeria\/fotografia-de-smash-cake-en-malaga\/\",\n\t\t\"url\"     : \"https:\/\/nataliabrfotografiainfantil.com\/index.php\/galeria\/fotografia-de-smash-cake-en-malaga\/\"\n\t}\n\n\t<\/script>\n\n\t\n<\/div>\n\n","protected":false},"excerpt":{"rendered":"<p>Fotos de momentos divertid\u00edsimos para su cumplea\u00f1os, primer a\u00f1ito, segundo a\u00f1ito o el cumple que [&hellip;]<\/p>\n","protected":false},"author":1,"featured_media":0,"parent":2,"menu_order":0,"comment_status":"closed","ping_status":"closed","template":"","meta":{"_monsterinsights_skip_tracking":false,"_monsterinsights_sitenote_active":false,"_monsterinsights_sitenote_note":"","_monsterinsights_sitenote_category":0,"footnotes":""},"aioseo_notices":[],"_links":{"self":[{"href":"https:\/\/nataliabrfotografiainfantil.com\/index.php\/wp-json\/wp\/v2\/pages\/475"}],"collection":[{"href":"https:\/\/nataliabrfotografiainfantil.com\/index.php\/wp-json\/wp\/v2\/pages"}],"about":[{"href":"https:\/\/nataliabrfotografiainfantil.com\/index.php\/wp-json\/wp\/v2\/types\/page"}],"author":[{"embeddable":true,"href":"https:\/\/nataliabrfotografiainfantil.com\/index.php\/wp-json\/wp\/v2\/users\/1"}],"replies":[{"embeddable":true,"href":"https:\/\/nataliabrfotografiainfantil.com\/index.php\/wp-json\/wp\/v2\/comments?post=475"}],"version-history":[{"count":1,"href":"https:\/\/nataliabrfotografiainfantil.com\/index.php\/wp-json\/wp\/v2\/pages\/475\/revisions"}],"predecessor-version":[{"id":799,"href":"https:\/\/nataliabrfotografiainfantil.com\/index.php\/wp-json\/wp\/v2\/pages\/475\/revisions\/799"}],"up":[{"embeddable":true,"href":"https:\/\/nataliabrfotografiainfantil.com\/index.php\/wp-json\/wp\/v2\/pages\/2"}],"wp:attachment":[{"href":"https:\/\/nataliabrfotografiainfantil.com\/index.php\/wp-json\/wp\/v2\/media?parent=475"}],"curies":[{"name":"wp","href":"https:\/\/api.w.org\/{rel}","templated":true}]}}