{"id":523,"date":"2023-03-11T09:42:09","date_gmt":"2023-03-11T09:42:09","guid":{"rendered":"https:\/\/nataliabrfotografiainfantil.com\/?page_id=523"},"modified":"2024-10-15T08:19:49","modified_gmt":"2024-10-15T08:19:49","slug":"fotografia-infantil-en-malaga","status":"publish","type":"page","link":"https:\/\/nataliabrfotografiainfantil.com\/index.php\/galeria\/fotografia-infantil-en-malaga\/","title":{"rendered":"Fotograf\u00eda Infantil en M\u00e1laga: Sesiones Profesionales y Creativas para Ni\u00f1os"},"content":{"rendered":"\n<div class=\"wp-block-columns is-layout-flex wp-container-core-columns-is-layout-1 wp-block-columns-is-layout-flex\">\n<div class=\"wp-block-column is-layout-flow wp-block-column-is-layout-flow\" style=\"flex-basis:25%\"><\/div>\n\n\n\n<div class=\"wp-block-column is-layout-flow wp-block-column-is-layout-flow\" style=\"flex-basis:50%\">\n<div class=\"wp-block-group is-layout-constrained wp-block-group-is-layout-constrained\">\n<p class=\"has-secondary-color has-text-color has-link-color has-normal-font-size wp-elements-90cea46b319b4ef9cde6e6f5bb30c866\">La fotograf\u00eda infantil es una forma maravillosa de capturar momentos especiales en la vida de los ni\u00f1os. En M\u00e1laga, cada vez m\u00e1s padres buscan fot\u00f3grafos profesionales para inmortalizar la infancia de sus hijos con im\u00e1genes \u00fanicas, naturales y llenas de creatividad. Si est\u00e1s buscando un fot\u00f3grafo infantil en M\u00e1laga, te contamos todo lo que necesitas saber para conseguir una sesi\u00f3n perfecta.<\/p>\n\n\n\n<p><\/p>\n\n\n\n<h3 class=\"wp-block-heading\"><\/h3>\n\n\n\n<p class=\"has-link-color has-normal-font-size wp-elements-e998a7f5d24c5b3f4bbda8bc20cf382d\"><\/p>\n\n\n\n<h3 class=\"wp-block-heading\">Los mejores lugares en M\u00e1laga para sesiones de fotograf\u00eda infantil<\/h3>\n\n\n\n<p class=\"has-secondary-color has-text-color has-link-color has-normal-font-size wp-elements-7a08a9ca01e4d603f07ac24e8b3c2d8d\">M\u00e1laga cuenta con numerosos lugares donde se pueden hacer sesiones de fotograf\u00eda infantil llenas de encanto. Algunos de los mejores lugares incluyen:<\/p>\n\n\n\n<p class=\"has-secondary-color has-text-color has-link-color has-normal-font-size wp-elements-d2edc53d301b3387fc42ba395c0d22bf\"><strong>Playa de la Malagueta<\/strong>: Ideal para fotos veraniegas y frescas.<\/p>\n\n\n\n<p class=\"has-secondary-color has-text-color has-link-color has-normal-font-size wp-elements-be63f71fdb1e972fc8ce61951c65d6a0\"><strong>Jard\u00edn Bot\u00e1nico La Concepci\u00f3n<\/strong>: Un espacio lleno de naturaleza y color.<\/p>\n\n\n\n<p class=\"has-secondary-color has-text-color has-link-color has-normal-font-size wp-elements-9b7b63309e21e48b3e9eba0f809951e4\"><strong>Casco antiguo de M\u00e1laga<\/strong>: Las callejuelas del centro hist\u00f3rico ofrecen un entorno encantador y aut\u00e9ntico.<\/p>\n\n\n\n<p class=\"has-secondary-color has-text-color has-link-color has-normal-font-size wp-elements-3c215269bf265626ce2b5172d69b2944\"><strong>Parque de M\u00e1laga<\/strong>: Un lugar lleno de \u00e1rboles y zonas verdes, perfecto para fotos en la naturaleza.<\/p>\n\n\n\n<p class=\"has-secondary-color has-text-color has-link-color has-normal-font-size wp-elements-e697de562bfe98fb0a574f5e7a9341a1\"><strong>Nuestro estudio<\/strong>: Un lugar perfectamente preparado para hacer de estas sesiones fotogr\u00e1ficas las m\u00e1s especiales y decoradas para que los peques disfruten y sean los mejores modelos.<\/p>\n\n\n\n<p class=\"has-secondary-color has-text-color has-link-color has-normal-font-size wp-elements-d48ddbe1a32cefefee9f32ec57feeb1d\"><\/p>\n\n\n\n<h3 class=\"wp-block-heading\"><\/h3>\n\n\n\n<h3 class=\"wp-block-heading\">Conclusi\u00f3n<\/h3>\n\n\n\n<p class=\"has-secondary-color has-text-color has-link-color has-normal-font-size wp-elements-23e53d57a567c509ada7badce66e3157\">La <strong>fotograf\u00eda infantil en M\u00e1laga<\/strong> es una excelente manera de capturar los momentos m\u00e1s preciosos de la vida de un ni\u00f1o. Al elegir un fot\u00f3grafo profesional, los padres pueden estar seguros de que obtendr\u00e1n im\u00e1genes de alta calidad que atesorar\u00e1n para siempre. M\u00e1laga ofrece una gran variedad de escenarios ideales para crear recuerdos inolvidables, desde sus hermosas playas hasta sus frondosos parques.<\/p>\n\n\n\n<p class=\"has-secondary-color has-text-color has-link-color has-normal-font-size wp-elements-965ddf9464b89e708894ec42467f1c0e\">Si est\u00e1s buscando una sesi\u00f3n de <strong>fotograf\u00eda infantil creativa y profesional en M\u00e1laga<\/strong>, no dudes en contactar con un experto para hacer de ese momento una experiencia inolvidable para ti y tu hijo. Desde <strong>Natalia BR Fotograf\u00eda infantil <\/strong>estamos dispuestos a colaborar con tu proyecto de fotos! No lo dudes!!<\/p>\n<\/div>\n<\/div>\n\n\n\n<div class=\"wp-block-column is-layout-flow wp-block-column-is-layout-flow\" style=\"flex-basis:25%\"><\/div>\n<\/div>\n\n\n<div  id=\"jtg-637\" class=\"modula modula-gallery modula-columns\" data-config=\"{&quot;tabletHeight&quot;:800,&quot;mobileHeight&quot;:800,&quot;desktopHeight&quot;:800,&quot;enableTwitter&quot;:false,&quot;enableWhatsapp&quot;:false,&quot;enableFacebook&quot;:false,&quot;enablePinterest&quot;:false,&quot;enableLinkedin&quot;:false,&quot;enableEmail&quot;:false,&quot;randomFactor&quot;:0,&quot;type&quot;:&quot;grid&quot;,&quot;columns&quot;:12,&quot;gutter&quot;:10,&quot;mobileGutter&quot;:10,&quot;tabletGutter&quot;:10,&quot;desktopGutter&quot;:10,&quot;enableResponsive&quot;:&quot;0&quot;,&quot;tabletColumns&quot;:2,&quot;mobileColumns&quot;:1,&quot;lazyLoad&quot;:0,&quot;lightboxOpts&quot;:{&quot;animated&quot;:true,&quot;Thumbs&quot;:{&quot;type&quot;:&quot;modern&quot;,&quot;showOnStart&quot;:false},&quot;Toolbar&quot;:{&quot;display&quot;:{&quot;right&quot;:[&quot;close&quot;]},&quot;enabled&quot;:true},&quot;Carousel&quot;:{&quot;Panzoom&quot;:{&quot;touch&quot;:true},&quot;infinite&quot;:false},&quot;keyboard&quot;:{&quot;Escape&quot;:&quot;close&quot;,&quot;Delete&quot;:&quot;close&quot;,&quot;Backspace&quot;:&quot;close&quot;,&quot;PageUp&quot;:false,&quot;PageDown&quot;:false,&quot;ArrowUp&quot;:false,&quot;ArrowDown&quot;:false,&quot;ArrowRight&quot;:false,&quot;ArrowLeft&quot;:false},&quot;touch&quot;:false,&quot;backdropClick&quot;:false,&quot;l10n&quot;:{&quot;CLOSE&quot;:&quot;Close&quot;,&quot;NEXT&quot;:&quot;Next&quot;,&quot;PREV&quot;:&quot;Previous&quot;,&quot;Error&quot;:&quot;The requested content cannot be loaded. Please try again later.&quot;,&quot;PLAY_START&quot;:&quot;Start slideshow&quot;,&quot;PLAY_STOP&quot;:&quot;Pause slideshow&quot;,&quot;FULL_SCREEN&quot;:&quot;Full screen&quot;,&quot;THUMBS&quot;:&quot;Thumbnails&quot;,&quot;DOWNLOAD&quot;:&quot;Download&quot;,&quot;SHARE&quot;:&quot;Share&quot;,&quot;ZOOM&quot;:&quot;Zoom&quot;,&quot;EMAIL&quot;:&quot;Here is the link to the image : %%image_link%% and this is the link to the gallery : %%gallery_link%%&quot;,&quot;MODAL&quot;:&quot;You can close this modal content with the ESC key&quot;,&quot;ERROR&quot;:&quot;Something Went Wrong, Please Try Again Later&quot;,&quot;IMAGE_ERROR&quot;:&quot;Image Not Found&quot;,&quot;ELEMENT_NOT_FOUND&quot;:&quot;HTML Element Not Found&quot;,&quot;AJAX_NOT_FOUND&quot;:&quot;Error Loading AJAX : Not Found&quot;,&quot;AJAX_FORBIDDEN&quot;:&quot;Error Loading AJAX : Forbidden&quot;,&quot;IFRAME_ERROR&quot;:&quot;Error Loading Page&quot;,&quot;TOGGLE_ZOOM&quot;:&quot;Toggle zoom level&quot;,&quot;TOGGLE_THUMBS&quot;:&quot;Toggle thumbnails&quot;,&quot;TOGGLE_SLIDESHOW&quot;:&quot;Toggle slideshow&quot;,&quot;TOGGLE_FULLSCREEN&quot;:&quot;Toggle full-screen mode&quot;},&quot;Images&quot;:{&quot;Panzoom&quot;:{&quot;maxScale&quot;:2}},&quot;mainClass&quot;:&quot;modula-fancybox-container modula-lightbox-jtg-637&quot;,&quot;Html&quot;:{&quot;videoAutoplay&quot;:0,&quot;videoTpl&quot;:&quot;&lt;video class=\\&quot;fancybox__html5video\\&quot; controls muted playsinline controlsList controlsList=\\&quot;nodownload\\&quot; poster=\\&quot;{{poster}}\\&quot; src=\\&quot;{{src}}\\&quot; type=\\&quot;{{format}}\\&quot; &gt;  Sorry, your browser doesn&#039;t support embedded videos, &lt;a href=\\&quot;{{src}}\\&quot;&gt; download &lt;\\\/a&gt; and watch with your favorite video player! &lt;\\\/video&gt;&quot;}},&quot;inView&quot;:false,&quot;email_subject&quot;:&quot;Check out this awesome image !!&quot;,&quot;email_message&quot;:&quot;Here is the link to the image : %%image_link%% and this is the link to the gallery : %%gallery_link%%&quot;,&quot;grid_type&quot;:&quot;automatic&quot;,&quot;rowHeight&quot;:250,&quot;lastRow&quot;:&quot;justify&quot;,&quot;lightbox&quot;:&quot;fancybox&quot;}\">\n\n\t\n\t<div  class=\"modula-items grid-gallery\">\n\t\t<div class=\"modula-item\" >\n\t<div class=\"modula-item-content\">\n\t\t\n\t\t\t\t\t<a data-image-id=\"198\" role=\"button\" tabindex=\"0\" rel=\"jtg-637\" data-caption=\"Foto infantil en M\u00e1laga\" aria-label=\"Open image in lightbox\" class=\"tile-inner modula-item-link\"><\/a>\n\t\t\n\t\t<img loading=\"lazy\" decoding=\"async\" class=\"pic wp-image-198\"  data-valign=\"middle\" data-halign=\"center\" alt=\"Foto infantil en M\u00e1laga\" data-full=\"https:\/\/nataliabrfotografiainfantil.com\/wp-content\/uploads\/2023\/01\/310522_Sergio-025.jpg\" title=\"Foto infantil en M\u00e1laga\" crop=\"\" width=\"838\" height=\"1257\" src=\"https:\/\/nataliabrfotografiainfantil.com\/wp-content\/uploads\/2023\/01\/310522_Sergio-025.jpg\" data-src=\"https:\/\/nataliabrfotografiainfantil.com\/wp-content\/uploads\/2023\/01\/310522_Sergio-025.jpg\" data-caption=\"Foto infantil en M\u00e1laga\" srcset=\"https:\/\/nataliabrfotografiainfantil.com\/wp-content\/uploads\/2023\/01\/310522_Sergio-025.jpg 838w, https:\/\/nataliabrfotografiainfantil.com\/wp-content\/uploads\/2023\/01\/310522_Sergio-025-200x300.jpg 200w, https:\/\/nataliabrfotografiainfantil.com\/wp-content\/uploads\/2023\/01\/310522_Sergio-025-683x1024.jpg 683w, https:\/\/nataliabrfotografiainfantil.com\/wp-content\/uploads\/2023\/01\/310522_Sergio-025-768x1152.jpg 768w\" sizes=\"(max-width: 838px) 100vw, 838px\" \/>\n\t<\/div>\n\n<\/div><div class=\"modula-item\" >\n\t<div class=\"modula-item-content\">\n\t\t\n\t\t\t\t\t<a data-image-id=\"197\" role=\"button\" tabindex=\"0\" rel=\"jtg-637\" data-caption=\"Foto infantil en M\u00e1laga 1\" aria-label=\"Open image in lightbox\" class=\"tile-inner modula-item-link\"><\/a>\n\t\t\n\t\t<img loading=\"lazy\" decoding=\"async\" class=\"pic wp-image-197\"  data-valign=\"middle\" data-halign=\"center\" alt=\"Foto infantil en M\u00e1laga 1\" data-full=\"https:\/\/nataliabrfotografiainfantil.com\/wp-content\/uploads\/2023\/01\/101222_Montse-027.jpg\" title=\"Foto infantil en M\u00e1laga 1\" crop=\"\" width=\"2508\" height=\"1672\" src=\"https:\/\/nataliabrfotografiainfantil.com\/wp-content\/uploads\/2023\/01\/101222_Montse-027.jpg\" data-src=\"https:\/\/nataliabrfotografiainfantil.com\/wp-content\/uploads\/2023\/01\/101222_Montse-027.jpg\" data-caption=\"Foto infantil en M\u00e1laga 1\" srcset=\"https:\/\/nataliabrfotografiainfantil.com\/wp-content\/uploads\/2023\/01\/101222_Montse-027.jpg 2508w, https:\/\/nataliabrfotografiainfantil.com\/wp-content\/uploads\/2023\/01\/101222_Montse-027-300x200.jpg 300w, https:\/\/nataliabrfotografiainfantil.com\/wp-content\/uploads\/2023\/01\/101222_Montse-027-1024x683.jpg 1024w, https:\/\/nataliabrfotografiainfantil.com\/wp-content\/uploads\/2023\/01\/101222_Montse-027-768x512.jpg 768w, https:\/\/nataliabrfotografiainfantil.com\/wp-content\/uploads\/2023\/01\/101222_Montse-027-1536x1024.jpg 1536w, https:\/\/nataliabrfotografiainfantil.com\/wp-content\/uploads\/2023\/01\/101222_Montse-027-2048x1365.jpg 2048w\" sizes=\"(max-width: 2508px) 100vw, 2508px\" \/>\n\t<\/div>\n\n<\/div><div class=\"modula-item\" >\n\t<div class=\"modula-item-content\">\n\t\t\n\t\t\t\t\t<a data-image-id=\"196\" role=\"button\" tabindex=\"0\" rel=\"jtg-637\" data-caption=\"Foto infantil en M\u00e1laga 2\" aria-label=\"Open image in lightbox\" class=\"tile-inner modula-item-link\"><\/a>\n\t\t\n\t\t<img loading=\"lazy\" decoding=\"async\" class=\"pic wp-image-196\"  data-valign=\"middle\" data-halign=\"center\" alt=\"Foto infantil en M\u00e1laga 2\" data-full=\"https:\/\/nataliabrfotografiainfantil.com\/wp-content\/uploads\/2023\/01\/130522_Carmen-016.jpg\" title=\"Foto infantil en M\u00e1laga 2\" crop=\"\" width=\"2364\" height=\"1773\" src=\"https:\/\/nataliabrfotografiainfantil.com\/wp-content\/uploads\/2023\/01\/130522_Carmen-016.jpg\" data-src=\"https:\/\/nataliabrfotografiainfantil.com\/wp-content\/uploads\/2023\/01\/130522_Carmen-016.jpg\" data-caption=\"Foto infantil en M\u00e1laga 2\" srcset=\"https:\/\/nataliabrfotografiainfantil.com\/wp-content\/uploads\/2023\/01\/130522_Carmen-016.jpg 2364w, https:\/\/nataliabrfotografiainfantil.com\/wp-content\/uploads\/2023\/01\/130522_Carmen-016-300x225.jpg 300w, https:\/\/nataliabrfotografiainfantil.com\/wp-content\/uploads\/2023\/01\/130522_Carmen-016-1024x768.jpg 1024w, https:\/\/nataliabrfotografiainfantil.com\/wp-content\/uploads\/2023\/01\/130522_Carmen-016-768x576.jpg 768w, https:\/\/nataliabrfotografiainfantil.com\/wp-content\/uploads\/2023\/01\/130522_Carmen-016-1536x1152.jpg 1536w, https:\/\/nataliabrfotografiainfantil.com\/wp-content\/uploads\/2023\/01\/130522_Carmen-016-2048x1536.jpg 2048w\" sizes=\"(max-width: 2364px) 100vw, 2364px\" \/>\n\t<\/div>\n\n<\/div><div class=\"modula-item\" >\n\t<div class=\"modula-item-content\">\n\t\t\n\t\t\t\t\t<a data-image-id=\"195\" role=\"button\" tabindex=\"0\" rel=\"jtg-637\" data-caption=\"Foto infantil en M\u00e1laga 3\" aria-label=\"Open image in lightbox\" class=\"tile-inner modula-item-link\"><\/a>\n\t\t\n\t\t<img loading=\"lazy\" decoding=\"async\" class=\"pic wp-image-195\"  data-valign=\"middle\" data-halign=\"center\" alt=\"Foto infantil en M\u00e1laga 3\" data-full=\"https:\/\/nataliabrfotografiainfantil.com\/wp-content\/uploads\/2023\/01\/220822_Adara-006.jpg\" title=\"Foto infantil en M\u00e1laga 3\" crop=\"\" width=\"2289\" height=\"1831\" src=\"https:\/\/nataliabrfotografiainfantil.com\/wp-content\/uploads\/2023\/01\/220822_Adara-006.jpg\" data-src=\"https:\/\/nataliabrfotografiainfantil.com\/wp-content\/uploads\/2023\/01\/220822_Adara-006.jpg\" data-caption=\"Foto infantil en M\u00e1laga 3\" srcset=\"https:\/\/nataliabrfotografiainfantil.com\/wp-content\/uploads\/2023\/01\/220822_Adara-006.jpg 2289w, https:\/\/nataliabrfotografiainfantil.com\/wp-content\/uploads\/2023\/01\/220822_Adara-006-300x240.jpg 300w, https:\/\/nataliabrfotografiainfantil.com\/wp-content\/uploads\/2023\/01\/220822_Adara-006-1024x819.jpg 1024w, https:\/\/nataliabrfotografiainfantil.com\/wp-content\/uploads\/2023\/01\/220822_Adara-006-768x614.jpg 768w, https:\/\/nataliabrfotografiainfantil.com\/wp-content\/uploads\/2023\/01\/220822_Adara-006-1536x1229.jpg 1536w, https:\/\/nataliabrfotografiainfantil.com\/wp-content\/uploads\/2023\/01\/220822_Adara-006-2048x1638.jpg 2048w\" sizes=\"(max-width: 2289px) 100vw, 2289px\" \/>\n\t<\/div>\n\n<\/div><div class=\"modula-item\" >\n\t<div class=\"modula-item-content\">\n\t\t\n\t\t\t\t\t<a data-image-id=\"194\" role=\"button\" tabindex=\"0\" rel=\"jtg-637\" data-caption=\"Foto infantil en M\u00e1laga 4\" aria-label=\"Open image in lightbox\" class=\"tile-inner modula-item-link\"><\/a>\n\t\t\n\t\t<img loading=\"lazy\" decoding=\"async\" class=\"pic wp-image-194\"  data-valign=\"middle\" data-halign=\"center\" alt=\"Foto infantil en M\u00e1laga 4\" data-full=\"https:\/\/nataliabrfotografiainfantil.com\/wp-content\/uploads\/2023\/01\/130522_Carmen-005.jpg\" title=\"Foto infantil en M\u00e1laga 4\" crop=\"\" width=\"2364\" height=\"1773\" src=\"https:\/\/nataliabrfotografiainfantil.com\/wp-content\/uploads\/2023\/01\/130522_Carmen-005.jpg\" data-src=\"https:\/\/nataliabrfotografiainfantil.com\/wp-content\/uploads\/2023\/01\/130522_Carmen-005.jpg\" data-caption=\"Foto infantil en M\u00e1laga 4\" srcset=\"https:\/\/nataliabrfotografiainfantil.com\/wp-content\/uploads\/2023\/01\/130522_Carmen-005.jpg 2364w, https:\/\/nataliabrfotografiainfantil.com\/wp-content\/uploads\/2023\/01\/130522_Carmen-005-300x225.jpg 300w, https:\/\/nataliabrfotografiainfantil.com\/wp-content\/uploads\/2023\/01\/130522_Carmen-005-1024x768.jpg 1024w, https:\/\/nataliabrfotografiainfantil.com\/wp-content\/uploads\/2023\/01\/130522_Carmen-005-768x576.jpg 768w, https:\/\/nataliabrfotografiainfantil.com\/wp-content\/uploads\/2023\/01\/130522_Carmen-005-1536x1152.jpg 1536w, https:\/\/nataliabrfotografiainfantil.com\/wp-content\/uploads\/2023\/01\/130522_Carmen-005-2048x1536.jpg 2048w\" sizes=\"(max-width: 2364px) 100vw, 2364px\" \/>\n\t<\/div>\n\n<\/div><div class=\"modula-item\" >\n\t<div class=\"modula-item-content\">\n\t\t\n\t\t\t\t\t<a data-image-id=\"193\" role=\"button\" tabindex=\"0\" rel=\"jtg-637\" data-caption=\"Foto infantil en M\u00e1laga 5\" aria-label=\"Open image in lightbox\" class=\"tile-inner modula-item-link\"><\/a>\n\t\t\n\t\t<img loading=\"lazy\" decoding=\"async\" class=\"pic wp-image-193\"  data-valign=\"middle\" data-halign=\"center\" alt=\"Foto infantil en M\u00e1laga 5\" data-full=\"https:\/\/nataliabrfotografiainfantil.com\/wp-content\/uploads\/2023\/01\/130522_Carmen-015.jpg\" title=\"Foto infantil en M\u00e1laga 5\" crop=\"\" width=\"2364\" height=\"1773\" src=\"https:\/\/nataliabrfotografiainfantil.com\/wp-content\/uploads\/2023\/01\/130522_Carmen-015.jpg\" data-src=\"https:\/\/nataliabrfotografiainfantil.com\/wp-content\/uploads\/2023\/01\/130522_Carmen-015.jpg\" data-caption=\"Foto infantil en M\u00e1laga 5\" srcset=\"https:\/\/nataliabrfotografiainfantil.com\/wp-content\/uploads\/2023\/01\/130522_Carmen-015.jpg 2364w, https:\/\/nataliabrfotografiainfantil.com\/wp-content\/uploads\/2023\/01\/130522_Carmen-015-300x225.jpg 300w, https:\/\/nataliabrfotografiainfantil.com\/wp-content\/uploads\/2023\/01\/130522_Carmen-015-1024x768.jpg 1024w, https:\/\/nataliabrfotografiainfantil.com\/wp-content\/uploads\/2023\/01\/130522_Carmen-015-768x576.jpg 768w, https:\/\/nataliabrfotografiainfantil.com\/wp-content\/uploads\/2023\/01\/130522_Carmen-015-1536x1152.jpg 1536w, https:\/\/nataliabrfotografiainfantil.com\/wp-content\/uploads\/2023\/01\/130522_Carmen-015-2048x1536.jpg 2048w\" sizes=\"(max-width: 2364px) 100vw, 2364px\" \/>\n\t<\/div>\n\n<\/div><div class=\"modula-item\" >\n\t<div class=\"modula-item-content\">\n\t\t\n\t\t\t\t\t<a data-image-id=\"192\" role=\"button\" tabindex=\"0\" rel=\"jtg-637\" data-caption=\"Foto infantil en M\u00e1laga 56\" aria-label=\"Open image in lightbox\" class=\"tile-inner modula-item-link\"><\/a>\n\t\t\n\t\t<img loading=\"lazy\" decoding=\"async\" class=\"pic wp-image-192\"  data-valign=\"middle\" data-halign=\"center\" alt=\"Foto infantil en M\u00e1laga 56\" data-full=\"https:\/\/nataliabrfotografiainfantil.com\/wp-content\/uploads\/2023\/01\/220822_Adara-015.jpg\" title=\"Foto infantil en M\u00e1laga 56\" crop=\"\" width=\"1831\" height=\"2289\" src=\"https:\/\/nataliabrfotografiainfantil.com\/wp-content\/uploads\/2023\/01\/220822_Adara-015.jpg\" data-src=\"https:\/\/nataliabrfotografiainfantil.com\/wp-content\/uploads\/2023\/01\/220822_Adara-015.jpg\" data-caption=\"Foto infantil en M\u00e1laga 56\" srcset=\"https:\/\/nataliabrfotografiainfantil.com\/wp-content\/uploads\/2023\/01\/220822_Adara-015.jpg 1831w, https:\/\/nataliabrfotografiainfantil.com\/wp-content\/uploads\/2023\/01\/220822_Adara-015-240x300.jpg 240w, https:\/\/nataliabrfotografiainfantil.com\/wp-content\/uploads\/2023\/01\/220822_Adara-015-819x1024.jpg 819w, https:\/\/nataliabrfotografiainfantil.com\/wp-content\/uploads\/2023\/01\/220822_Adara-015-768x960.jpg 768w, https:\/\/nataliabrfotografiainfantil.com\/wp-content\/uploads\/2023\/01\/220822_Adara-015-1229x1536.jpg 1229w, https:\/\/nataliabrfotografiainfantil.com\/wp-content\/uploads\/2023\/01\/220822_Adara-015-1638x2048.jpg 1638w\" sizes=\"(max-width: 1831px) 100vw, 1831px\" \/>\n\t<\/div>\n\n<\/div><div class=\"modula-item\" >\n\t<div class=\"modula-item-content\">\n\t\t\n\t\t\t\t\t<a data-image-id=\"191\" role=\"button\" tabindex=\"0\" rel=\"jtg-637\" data-caption=\"Foto infantil en M\u00e1laga 567\" aria-label=\"Open image in lightbox\" class=\"tile-inner modula-item-link\"><\/a>\n\t\t\n\t\t<img loading=\"lazy\" decoding=\"async\" class=\"pic wp-image-191\"  data-valign=\"middle\" data-halign=\"center\" alt=\"Foto infantil en M\u00e1laga 567\" data-full=\"https:\/\/nataliabrfotografiainfantil.com\/wp-content\/uploads\/2023\/01\/220822_Adara-032.jpg\" title=\"Foto infantil en M\u00e1laga 567\" crop=\"\" width=\"2289\" height=\"1831\" src=\"https:\/\/nataliabrfotografiainfantil.com\/wp-content\/uploads\/2023\/01\/220822_Adara-032.jpg\" data-src=\"https:\/\/nataliabrfotografiainfantil.com\/wp-content\/uploads\/2023\/01\/220822_Adara-032.jpg\" data-caption=\"Foto infantil en M\u00e1laga 567\" srcset=\"https:\/\/nataliabrfotografiainfantil.com\/wp-content\/uploads\/2023\/01\/220822_Adara-032.jpg 2289w, https:\/\/nataliabrfotografiainfantil.com\/wp-content\/uploads\/2023\/01\/220822_Adara-032-300x240.jpg 300w, https:\/\/nataliabrfotografiainfantil.com\/wp-content\/uploads\/2023\/01\/220822_Adara-032-1024x819.jpg 1024w, https:\/\/nataliabrfotografiainfantil.com\/wp-content\/uploads\/2023\/01\/220822_Adara-032-768x614.jpg 768w, https:\/\/nataliabrfotografiainfantil.com\/wp-content\/uploads\/2023\/01\/220822_Adara-032-1536x1229.jpg 1536w, https:\/\/nataliabrfotografiainfantil.com\/wp-content\/uploads\/2023\/01\/220822_Adara-032-2048x1638.jpg 2048w\" sizes=\"(max-width: 2289px) 100vw, 2289px\" \/>\n\t<\/div>\n\n<\/div><div class=\"modula-item\" >\n\t<div class=\"modula-item-content\">\n\t\t\n\t\t\t\t\t<a data-image-id=\"190\" role=\"button\" tabindex=\"0\" rel=\"jtg-637\" data-caption=\"Foto infantil en M\u00e1laga 5678\" aria-label=\"Open image in lightbox\" class=\"tile-inner modula-item-link\"><\/a>\n\t\t\n\t\t<img loading=\"lazy\" decoding=\"async\" class=\"pic wp-image-190\"  data-valign=\"middle\" data-halign=\"center\" alt=\"Foto infantil en M\u00e1laga 5678\" data-full=\"https:\/\/nataliabrfotografiainfantil.com\/wp-content\/uploads\/2023\/01\/101222_Montse-028.jpg\" title=\"Foto infantil en M\u00e1laga 5678\" crop=\"\" width=\"2508\" height=\"1672\" src=\"https:\/\/nataliabrfotografiainfantil.com\/wp-content\/uploads\/2023\/01\/101222_Montse-028.jpg\" data-src=\"https:\/\/nataliabrfotografiainfantil.com\/wp-content\/uploads\/2023\/01\/101222_Montse-028.jpg\" data-caption=\"Foto infantil en M\u00e1laga 5678\" srcset=\"https:\/\/nataliabrfotografiainfantil.com\/wp-content\/uploads\/2023\/01\/101222_Montse-028.jpg 2508w, https:\/\/nataliabrfotografiainfantil.com\/wp-content\/uploads\/2023\/01\/101222_Montse-028-300x200.jpg 300w, https:\/\/nataliabrfotografiainfantil.com\/wp-content\/uploads\/2023\/01\/101222_Montse-028-1024x683.jpg 1024w, https:\/\/nataliabrfotografiainfantil.com\/wp-content\/uploads\/2023\/01\/101222_Montse-028-768x512.jpg 768w, https:\/\/nataliabrfotografiainfantil.com\/wp-content\/uploads\/2023\/01\/101222_Montse-028-1536x1024.jpg 1536w, https:\/\/nataliabrfotografiainfantil.com\/wp-content\/uploads\/2023\/01\/101222_Montse-028-2048x1365.jpg 2048w\" sizes=\"(max-width: 2508px) 100vw, 2508px\" \/>\n\t<\/div>\n\n<\/div><div class=\"modula-item\" >\n\t<div class=\"modula-item-content\">\n\t\t\n\t\t\t\t\t<a data-image-id=\"189\" role=\"button\" tabindex=\"0\" rel=\"jtg-637\" data-caption=\"Foto infantil en M\u00e1laga 56789\" aria-label=\"Open image in lightbox\" class=\"tile-inner modula-item-link\"><\/a>\n\t\t\n\t\t<img loading=\"lazy\" decoding=\"async\" class=\"pic wp-image-189\"  data-valign=\"middle\" data-halign=\"center\" alt=\"Foto infantil en M\u00e1laga 56789\" data-full=\"https:\/\/nataliabrfotografiainfantil.com\/wp-content\/uploads\/2023\/01\/220822_Adara-025.jpg\" title=\"Foto infantil en M\u00e1laga 56789\" crop=\"\" width=\"1270\" height=\"1588\" src=\"https:\/\/nataliabrfotografiainfantil.com\/wp-content\/uploads\/2023\/01\/220822_Adara-025.jpg\" data-src=\"https:\/\/nataliabrfotografiainfantil.com\/wp-content\/uploads\/2023\/01\/220822_Adara-025.jpg\" data-caption=\"Foto infantil en M\u00e1laga 56789\" srcset=\"https:\/\/nataliabrfotografiainfantil.com\/wp-content\/uploads\/2023\/01\/220822_Adara-025.jpg 1270w, https:\/\/nataliabrfotografiainfantil.com\/wp-content\/uploads\/2023\/01\/220822_Adara-025-240x300.jpg 240w, https:\/\/nataliabrfotografiainfantil.com\/wp-content\/uploads\/2023\/01\/220822_Adara-025-819x1024.jpg 819w, https:\/\/nataliabrfotografiainfantil.com\/wp-content\/uploads\/2023\/01\/220822_Adara-025-768x960.jpg 768w, https:\/\/nataliabrfotografiainfantil.com\/wp-content\/uploads\/2023\/01\/220822_Adara-025-1228x1536.jpg 1228w\" sizes=\"(max-width: 1270px) 100vw, 1270px\" \/>\n\t<\/div>\n\n<\/div><div class=\"modula-item\" >\n\t<div class=\"modula-item-content\">\n\t\t\n\t\t\t\t\t<a data-image-id=\"1020\" role=\"button\" tabindex=\"0\" rel=\"jtg-637\" data-caption=\"\" aria-label=\"Open image in lightbox\" class=\"tile-inner modula-item-link\"><\/a>\n\t\t\n\t\t<img loading=\"lazy\" decoding=\"async\" class=\"pic wp-image-1020\"  data-valign=\"middle\" data-halign=\"center\" alt=\"\" data-full=\"https:\/\/nataliabrfotografiainfantil.com\/wp-content\/uploads\/2024\/09\/Foto-cumpleanos-en-exterior-1.jpg\" title=\"Foto cumplea\u00f1os en exterior\" crop=\"\" width=\"2000\" height=\"1500\" src=\"https:\/\/nataliabrfotografiainfantil.com\/wp-content\/uploads\/2024\/09\/Foto-cumpleanos-en-exterior-1.jpg\" data-src=\"https:\/\/nataliabrfotografiainfantil.com\/wp-content\/uploads\/2024\/09\/Foto-cumpleanos-en-exterior-1.jpg\" data-caption=\"\" srcset=\"https:\/\/nataliabrfotografiainfantil.com\/wp-content\/uploads\/2024\/09\/Foto-cumpleanos-en-exterior-1.jpg 2000w, https:\/\/nataliabrfotografiainfantil.com\/wp-content\/uploads\/2024\/09\/Foto-cumpleanos-en-exterior-1-300x225.jpg 300w, https:\/\/nataliabrfotografiainfantil.com\/wp-content\/uploads\/2024\/09\/Foto-cumpleanos-en-exterior-1-1024x768.jpg 1024w, https:\/\/nataliabrfotografiainfantil.com\/wp-content\/uploads\/2024\/09\/Foto-cumpleanos-en-exterior-1-768x576.jpg 768w, https:\/\/nataliabrfotografiainfantil.com\/wp-content\/uploads\/2024\/09\/Foto-cumpleanos-en-exterior-1-1536x1152.jpg 1536w\" sizes=\"(max-width: 2000px) 100vw, 2000px\" \/>\n\t<\/div>\n\n<\/div><div class=\"modula-item\" >\n\t<div class=\"modula-item-content\">\n\t\t\n\t\t\t\t\t<a data-image-id=\"1021\" role=\"button\" tabindex=\"0\" rel=\"jtg-637\" data-caption=\"\" aria-label=\"Open image in lightbox\" class=\"tile-inner modula-item-link\"><\/a>\n\t\t\n\t\t<img loading=\"lazy\" decoding=\"async\" class=\"pic wp-image-1021\"  data-valign=\"middle\" data-halign=\"center\" alt=\"\" data-full=\"https:\/\/nataliabrfotografiainfantil.com\/wp-content\/uploads\/2024\/09\/Foto-segundo-cumple-en-el-bosque-1.jpg\" title=\"Foto segundo cumple en el bosque\" crop=\"\" width=\"2000\" height=\"1500\" src=\"https:\/\/nataliabrfotografiainfantil.com\/wp-content\/uploads\/2024\/09\/Foto-segundo-cumple-en-el-bosque-1.jpg\" data-src=\"https:\/\/nataliabrfotografiainfantil.com\/wp-content\/uploads\/2024\/09\/Foto-segundo-cumple-en-el-bosque-1.jpg\" data-caption=\"\" srcset=\"https:\/\/nataliabrfotografiainfantil.com\/wp-content\/uploads\/2024\/09\/Foto-segundo-cumple-en-el-bosque-1.jpg 2000w, https:\/\/nataliabrfotografiainfantil.com\/wp-content\/uploads\/2024\/09\/Foto-segundo-cumple-en-el-bosque-1-300x225.jpg 300w, https:\/\/nataliabrfotografiainfantil.com\/wp-content\/uploads\/2024\/09\/Foto-segundo-cumple-en-el-bosque-1-1024x768.jpg 1024w, https:\/\/nataliabrfotografiainfantil.com\/wp-content\/uploads\/2024\/09\/Foto-segundo-cumple-en-el-bosque-1-768x576.jpg 768w, https:\/\/nataliabrfotografiainfantil.com\/wp-content\/uploads\/2024\/09\/Foto-segundo-cumple-en-el-bosque-1-1536x1152.jpg 1536w\" sizes=\"(max-width: 2000px) 100vw, 2000px\" \/>\n\t<\/div>\n\n<\/div><div class=\"modula-item\" >\n\t<div class=\"modula-item-content\">\n\t\t\n\t\t\t\t\t<a data-image-id=\"1022\" role=\"button\" tabindex=\"0\" rel=\"jtg-637\" data-caption=\"\" aria-label=\"Open image in lightbox\" class=\"tile-inner modula-item-link\"><\/a>\n\t\t\n\t\t<img loading=\"lazy\" decoding=\"async\" class=\"pic wp-image-1022\"  data-valign=\"middle\" data-halign=\"center\" alt=\"\" data-full=\"https:\/\/nataliabrfotografiainfantil.com\/wp-content\/uploads\/2024\/09\/Foto-intantil-con-globos-en-Malaga-1.jpg\" title=\"Foto intantil con globos en M\u00e1laga\" crop=\"\" width=\"2000\" height=\"1500\" src=\"https:\/\/nataliabrfotografiainfantil.com\/wp-content\/uploads\/2024\/09\/Foto-intantil-con-globos-en-Malaga-1.jpg\" data-src=\"https:\/\/nataliabrfotografiainfantil.com\/wp-content\/uploads\/2024\/09\/Foto-intantil-con-globos-en-Malaga-1.jpg\" data-caption=\"\" srcset=\"https:\/\/nataliabrfotografiainfantil.com\/wp-content\/uploads\/2024\/09\/Foto-intantil-con-globos-en-Malaga-1.jpg 2000w, https:\/\/nataliabrfotografiainfantil.com\/wp-content\/uploads\/2024\/09\/Foto-intantil-con-globos-en-Malaga-1-300x225.jpg 300w, https:\/\/nataliabrfotografiainfantil.com\/wp-content\/uploads\/2024\/09\/Foto-intantil-con-globos-en-Malaga-1-1024x768.jpg 1024w, https:\/\/nataliabrfotografiainfantil.com\/wp-content\/uploads\/2024\/09\/Foto-intantil-con-globos-en-Malaga-1-768x576.jpg 768w, https:\/\/nataliabrfotografiainfantil.com\/wp-content\/uploads\/2024\/09\/Foto-intantil-con-globos-en-Malaga-1-1536x1152.jpg 1536w\" sizes=\"(max-width: 2000px) 100vw, 2000px\" \/>\n\t<\/div>\n\n<\/div><div class=\"modula-item\" >\n\t<div class=\"modula-item-content\">\n\t\t\n\t\t\t\t\t<a data-image-id=\"1023\" role=\"button\" tabindex=\"0\" rel=\"jtg-637\" data-caption=\"\" aria-label=\"Open image in lightbox\" class=\"tile-inner modula-item-link\"><\/a>\n\t\t\n\t\t<img loading=\"lazy\" decoding=\"async\" class=\"pic wp-image-1023\"  data-valign=\"middle\" data-halign=\"center\" alt=\"\" data-full=\"https:\/\/nataliabrfotografiainfantil.com\/wp-content\/uploads\/2024\/09\/Foto-cumplenos-2-1-1.jpg\" title=\"Foto cumple\u00f1os 2\" crop=\"\" width=\"2000\" height=\"1500\" src=\"https:\/\/nataliabrfotografiainfantil.com\/wp-content\/uploads\/2024\/09\/Foto-cumplenos-2-1-1.jpg\" data-src=\"https:\/\/nataliabrfotografiainfantil.com\/wp-content\/uploads\/2024\/09\/Foto-cumplenos-2-1-1.jpg\" data-caption=\"\" srcset=\"https:\/\/nataliabrfotografiainfantil.com\/wp-content\/uploads\/2024\/09\/Foto-cumplenos-2-1-1.jpg 2000w, https:\/\/nataliabrfotografiainfantil.com\/wp-content\/uploads\/2024\/09\/Foto-cumplenos-2-1-1-300x225.jpg 300w, https:\/\/nataliabrfotografiainfantil.com\/wp-content\/uploads\/2024\/09\/Foto-cumplenos-2-1-1-1024x768.jpg 1024w, https:\/\/nataliabrfotografiainfantil.com\/wp-content\/uploads\/2024\/09\/Foto-cumplenos-2-1-1-768x576.jpg 768w, https:\/\/nataliabrfotografiainfantil.com\/wp-content\/uploads\/2024\/09\/Foto-cumplenos-2-1-1-1536x1152.jpg 1536w\" sizes=\"(max-width: 2000px) 100vw, 2000px\" \/>\n\t<\/div>\n\n<\/div><div class=\"modula-item\" >\n\t<div class=\"modula-item-content\">\n\t\t\n\t\t\t\t\t<a data-image-id=\"1024\" role=\"button\" tabindex=\"0\" rel=\"jtg-637\" data-caption=\"\" aria-label=\"Open image in lightbox\" class=\"tile-inner modula-item-link\"><\/a>\n\t\t\n\t\t<img loading=\"lazy\" decoding=\"async\" class=\"pic wp-image-1024\"  data-valign=\"middle\" data-halign=\"center\" alt=\"\" data-full=\"https:\/\/nataliabrfotografiainfantil.com\/wp-content\/uploads\/2024\/09\/Foto-verano-azul-con-tabla-de-surf-1.jpg\" title=\"Foto verano azul con tabla de surf\" crop=\"\" width=\"2000\" height=\"1500\" src=\"https:\/\/nataliabrfotografiainfantil.com\/wp-content\/uploads\/2024\/09\/Foto-verano-azul-con-tabla-de-surf-1.jpg\" data-src=\"https:\/\/nataliabrfotografiainfantil.com\/wp-content\/uploads\/2024\/09\/Foto-verano-azul-con-tabla-de-surf-1.jpg\" data-caption=\"\" srcset=\"https:\/\/nataliabrfotografiainfantil.com\/wp-content\/uploads\/2024\/09\/Foto-verano-azul-con-tabla-de-surf-1.jpg 2000w, https:\/\/nataliabrfotografiainfantil.com\/wp-content\/uploads\/2024\/09\/Foto-verano-azul-con-tabla-de-surf-1-300x225.jpg 300w, https:\/\/nataliabrfotografiainfantil.com\/wp-content\/uploads\/2024\/09\/Foto-verano-azul-con-tabla-de-surf-1-1024x768.jpg 1024w, https:\/\/nataliabrfotografiainfantil.com\/wp-content\/uploads\/2024\/09\/Foto-verano-azul-con-tabla-de-surf-1-768x576.jpg 768w, https:\/\/nataliabrfotografiainfantil.com\/wp-content\/uploads\/2024\/09\/Foto-verano-azul-con-tabla-de-surf-1-1536x1152.jpg 1536w\" sizes=\"(max-width: 2000px) 100vw, 2000px\" \/>\n\t<\/div>\n\n<\/div><div class=\"modula-item\" >\n\t<div class=\"modula-item-content\">\n\t\t\n\t\t\t\t\t<a data-image-id=\"1025\" role=\"button\" tabindex=\"0\" rel=\"jtg-637\" data-caption=\"\" aria-label=\"Open image in lightbox\" class=\"tile-inner modula-item-link\"><\/a>\n\t\t\n\t\t<img loading=\"lazy\" decoding=\"async\" class=\"pic wp-image-1025\"  data-valign=\"middle\" data-halign=\"center\" alt=\"\" data-full=\"https:\/\/nataliabrfotografiainfantil.com\/wp-content\/uploads\/2024\/09\/Foto-segundo-cumple-con-arena-y-mar-1-1.jpg\" title=\"Foto segundo cumple con arena y mar\" crop=\"\" width=\"2000\" height=\"1500\" src=\"https:\/\/nataliabrfotografiainfantil.com\/wp-content\/uploads\/2024\/09\/Foto-segundo-cumple-con-arena-y-mar-1-1.jpg\" data-src=\"https:\/\/nataliabrfotografiainfantil.com\/wp-content\/uploads\/2024\/09\/Foto-segundo-cumple-con-arena-y-mar-1-1.jpg\" data-caption=\"\" srcset=\"https:\/\/nataliabrfotografiainfantil.com\/wp-content\/uploads\/2024\/09\/Foto-segundo-cumple-con-arena-y-mar-1-1.jpg 2000w, https:\/\/nataliabrfotografiainfantil.com\/wp-content\/uploads\/2024\/09\/Foto-segundo-cumple-con-arena-y-mar-1-1-300x225.jpg 300w, https:\/\/nataliabrfotografiainfantil.com\/wp-content\/uploads\/2024\/09\/Foto-segundo-cumple-con-arena-y-mar-1-1-1024x768.jpg 1024w, https:\/\/nataliabrfotografiainfantil.com\/wp-content\/uploads\/2024\/09\/Foto-segundo-cumple-con-arena-y-mar-1-1-768x576.jpg 768w, https:\/\/nataliabrfotografiainfantil.com\/wp-content\/uploads\/2024\/09\/Foto-segundo-cumple-con-arena-y-mar-1-1-1536x1152.jpg 1536w\" sizes=\"(max-width: 2000px) 100vw, 2000px\" \/>\n\t<\/div>\n\n<\/div><div class=\"modula-item\" >\n\t<div class=\"modula-item-content\">\n\t\t\n\t\t\t\t\t<a data-image-id=\"1026\" role=\"button\" tabindex=\"0\" rel=\"jtg-637\" data-caption=\"\" aria-label=\"Open image in lightbox\" class=\"tile-inner modula-item-link\"><\/a>\n\t\t\n\t\t<img loading=\"lazy\" decoding=\"async\" class=\"pic wp-image-1026\"  data-valign=\"middle\" data-halign=\"center\" alt=\"\" data-full=\"https:\/\/nataliabrfotografiainfantil.com\/wp-content\/uploads\/2024\/09\/Foto-segundo-cumple-decoracion-estudio-interior-1.jpg\" title=\"Foto segundo cumple decoraci\u00f3n estudio interior\" crop=\"\" width=\"2000\" height=\"1500\" src=\"https:\/\/nataliabrfotografiainfantil.com\/wp-content\/uploads\/2024\/09\/Foto-segundo-cumple-decoracion-estudio-interior-1.jpg\" data-src=\"https:\/\/nataliabrfotografiainfantil.com\/wp-content\/uploads\/2024\/09\/Foto-segundo-cumple-decoracion-estudio-interior-1.jpg\" data-caption=\"\" srcset=\"https:\/\/nataliabrfotografiainfantil.com\/wp-content\/uploads\/2024\/09\/Foto-segundo-cumple-decoracion-estudio-interior-1.jpg 2000w, https:\/\/nataliabrfotografiainfantil.com\/wp-content\/uploads\/2024\/09\/Foto-segundo-cumple-decoracion-estudio-interior-1-300x225.jpg 300w, https:\/\/nataliabrfotografiainfantil.com\/wp-content\/uploads\/2024\/09\/Foto-segundo-cumple-decoracion-estudio-interior-1-1024x768.jpg 1024w, https:\/\/nataliabrfotografiainfantil.com\/wp-content\/uploads\/2024\/09\/Foto-segundo-cumple-decoracion-estudio-interior-1-768x576.jpg 768w, https:\/\/nataliabrfotografiainfantil.com\/wp-content\/uploads\/2024\/09\/Foto-segundo-cumple-decoracion-estudio-interior-1-1536x1152.jpg 1536w\" sizes=\"(max-width: 2000px) 100vw, 2000px\" \/>\n\t<\/div>\n\n<\/div><div class=\"modula-item\" >\n\t<div class=\"modula-item-content\">\n\t\t\n\t\t\t\t\t<a data-image-id=\"1027\" role=\"button\" tabindex=\"0\" rel=\"jtg-637\" data-caption=\"\" aria-label=\"Open image in lightbox\" class=\"tile-inner modula-item-link\"><\/a>\n\t\t\n\t\t<img loading=\"lazy\" decoding=\"async\" class=\"pic wp-image-1027\"  data-valign=\"middle\" data-halign=\"center\" alt=\"\" data-full=\"https:\/\/nataliabrfotografiainfantil.com\/wp-content\/uploads\/2024\/09\/Foto-cumpleanos-en-Malaga-estudio-interior-1.jpg\" title=\"Foto cumplea\u00f1os en M\u00e1laga estudio interior\" crop=\"\" width=\"2000\" height=\"1500\" src=\"https:\/\/nataliabrfotografiainfantil.com\/wp-content\/uploads\/2024\/09\/Foto-cumpleanos-en-Malaga-estudio-interior-1.jpg\" data-src=\"https:\/\/nataliabrfotografiainfantil.com\/wp-content\/uploads\/2024\/09\/Foto-cumpleanos-en-Malaga-estudio-interior-1.jpg\" data-caption=\"\" srcset=\"https:\/\/nataliabrfotografiainfantil.com\/wp-content\/uploads\/2024\/09\/Foto-cumpleanos-en-Malaga-estudio-interior-1.jpg 2000w, https:\/\/nataliabrfotografiainfantil.com\/wp-content\/uploads\/2024\/09\/Foto-cumpleanos-en-Malaga-estudio-interior-1-300x225.jpg 300w, https:\/\/nataliabrfotografiainfantil.com\/wp-content\/uploads\/2024\/09\/Foto-cumpleanos-en-Malaga-estudio-interior-1-1024x768.jpg 1024w, https:\/\/nataliabrfotografiainfantil.com\/wp-content\/uploads\/2024\/09\/Foto-cumpleanos-en-Malaga-estudio-interior-1-768x576.jpg 768w, https:\/\/nataliabrfotografiainfantil.com\/wp-content\/uploads\/2024\/09\/Foto-cumpleanos-en-Malaga-estudio-interior-1-1536x1152.jpg 1536w\" sizes=\"(max-width: 2000px) 100vw, 2000px\" \/>\n\t<\/div>\n\n<\/div>\t\t\n\t<\/div>\n\n\t\n\t\n\t<script type=\"application\/ld+json\">\n\t{\n\t\t\"@context\": \"http:\/\/schema.org\",\n\t\t\"@type\"   : \"ImageGallery\",\n\t\t\"id\"      : \"https:\/\/nataliabrfotografiainfantil.com\/index.php\/galeria\/fotografia-infantil-en-malaga\/\",\n\t\t\"url\"     : \"https:\/\/nataliabrfotografiainfantil.com\/index.php\/galeria\/fotografia-infantil-en-malaga\/\"\n\t}\n\n\t<\/script>\n\n\t\n<\/div>\n\n","protected":false},"excerpt":{"rendered":"<p>La fotograf\u00eda infantil es una forma maravillosa de capturar momentos especiales en la vida de [&hellip;]<\/p>\n","protected":false},"author":1,"featured_media":0,"parent":2,"menu_order":0,"comment_status":"closed","ping_status":"closed","template":"","meta":{"_monsterinsights_skip_tracking":false,"_monsterinsights_sitenote_active":false,"_monsterinsights_sitenote_note":"","_monsterinsights_sitenote_category":0,"footnotes":""},"aioseo_notices":[],"_links":{"self":[{"href":"https:\/\/nataliabrfotografiainfantil.com\/index.php\/wp-json\/wp\/v2\/pages\/523"}],"collection":[{"href":"https:\/\/nataliabrfotografiainfantil.com\/index.php\/wp-json\/wp\/v2\/pages"}],"about":[{"href":"https:\/\/nataliabrfotografiainfantil.com\/index.php\/wp-json\/wp\/v2\/types\/page"}],"author":[{"embeddable":true,"href":"https:\/\/nataliabrfotografiainfantil.com\/index.php\/wp-json\/wp\/v2\/users\/1"}],"replies":[{"embeddable":true,"href":"https:\/\/nataliabrfotografiainfantil.com\/index.php\/wp-json\/wp\/v2\/comments?post=523"}],"version-history":[{"count":15,"href":"https:\/\/nataliabrfotografiainfantil.com\/index.php\/wp-json\/wp\/v2\/pages\/523\/revisions"}],"predecessor-version":[{"id":1047,"href":"https:\/\/nataliabrfotografiainfantil.com\/index.php\/wp-json\/wp\/v2\/pages\/523\/revisions\/1047"}],"up":[{"embeddable":true,"href":"https:\/\/nataliabrfotografiainfantil.com\/index.php\/wp-json\/wp\/v2\/pages\/2"}],"wp:attachment":[{"href":"https:\/\/nataliabrfotografiainfantil.com\/index.php\/wp-json\/wp\/v2\/media?parent=523"}],"curies":[{"name":"wp","href":"https:\/\/api.w.org\/{rel}","templated":true}]}}